{"id":610,"date":"2020-04-23T08:58:55","date_gmt":"2020-04-23T08:58:55","guid":{"rendered":"https:\/\/www.afiformations.com\/?page_id=610"},"modified":"2020-04-23T15:17:46","modified_gmt":"2020-04-23T15:17:46","slug":"elingage-de-charges","status":"publish","type":"page","link":"https:\/\/www.afiformations.com\/fr\/elingage-de-charges\/","title":{"rendered":"Elingage de charges"},"content":{"rendered":"\t\t<div data-elementor-type=\"wp-page\" data-elementor-id=\"610\" class=\"elementor elementor-610\" data-elementor-post-type=\"page\">\n\t\t\t\t\t\t<section class=\"elementor-section elementor-top-section elementor-element elementor-element-9e988a0 elementor-section-height-min-height elementor-section-items-top elementor-section-boxed elementor-section-height-default\" data-id=\"9e988a0\" data-element_type=\"section\" data-settings=\"{&quot;background_background&quot;:&quot;classic&quot;}\">\n\t\t\t\t\t\t\t<div class=\"elementor-background-overlay\"><\/div>\n\t\t\t\t\t\t\t<div class=\"elementor-container elementor-column-gap-default\">\n\t\t\t\t\t<div class=\"elementor-column elementor-col-100 elementor-top-column elementor-element elementor-element-931e1e0\" data-id=\"931e1e0\" data-element_type=\"column\" data-settings=\"{&quot;background_background&quot;:&quot;classic&quot;}\">\n\t\t\t<div class=\"elementor-widget-wrap elementor-element-populated\">\n\t\t\t\t\t\t<div class=\"elementor-element elementor-element-dc7aa20 elementor-widget elementor-widget-heading\" data-id=\"dc7aa20\" data-element_type=\"widget\" data-widget_type=\"heading.default\">\n\t\t\t\t<div class=\"elementor-widget-container\">\n\t\t\t<h1 class=\"elementor-heading-title elementor-size-default\">Formation \u00e9lingage de charges Luxembourg \/ France<\/h1>\t\t<\/div>\n\t\t\t\t<\/div>\n\t\t\t\t\t<\/div>\n\t\t<\/div>\n\t\t\t\t\t<\/div>\n\t\t<\/section>\n\t\t\t\t<section class=\"elementor-section elementor-top-section elementor-element elementor-element-fa2d56a elementor-section-boxed elementor-section-height-default elementor-section-height-default\" data-id=\"fa2d56a\" data-element_type=\"section\">\n\t\t\t\t\t\t<div class=\"elementor-container elementor-column-gap-default\">\n\t\t\t\t\t<div class=\"elementor-column elementor-col-100 elementor-top-column elementor-element elementor-element-8d2b1ce\" data-id=\"8d2b1ce\" data-element_type=\"column\" data-settings=\"{&quot;background_background&quot;:&quot;classic&quot;}\">\n\t\t\t<div class=\"elementor-widget-wrap elementor-element-populated\">\n\t\t\t\t\t\t<div class=\"elementor-element elementor-element-408b67e elementor-widget elementor-widget-heading\" data-id=\"408b67e\" data-element_type=\"widget\" data-widget_type=\"heading.default\">\n\t\t\t\t<div class=\"elementor-widget-container\">\n\t\t\t<h2 class=\"elementor-heading-title elementor-size-default\">Elingage de charges<\/h2>\t\t<\/div>\n\t\t\t\t<\/div>\n\t\t\t\t<section class=\"elementor-section elementor-inner-section elementor-element elementor-element-28e0b46 elementor-section-boxed elementor-section-height-default elementor-section-height-default\" data-id=\"28e0b46\" data-element_type=\"section\">\n\t\t\t\t\t\t<div class=\"elementor-container elementor-column-gap-default\">\n\t\t\t\t\t<div class=\"elementor-column elementor-col-50 elementor-inner-column elementor-element elementor-element-d74b4ae\" data-id=\"d74b4ae\" data-element_type=\"column\">\n\t\t\t<div class=\"elementor-widget-wrap elementor-element-populated\">\n\t\t\t\t\t\t<div class=\"elementor-element elementor-element-5c79a6f elementor-widget elementor-widget-text-editor\" data-id=\"5c79a6f\" data-element_type=\"widget\" data-widget_type=\"text-editor.default\">\n\t\t\t\t<div class=\"elementor-widget-container\">\n\t\t\t\t\t\t\t<p>AFI Formations propose des formations d&rsquo;\u00e9lingage de charges pour le Luxembourg et la France.<\/p><p>Vous apprendrez \u00e0 maitriser les techniques d&rsquo;\u00e9lingage de charges, avec un \u00e9quipement de levage dans le respect des normes de s\u00e9curit\u00e9.\u00a0<\/p><p>N&rsquo;h\u00e9sitez pas \u00e0 nous contacter pour conna\u00eetre nos conditions de formation elingage de charges.\u00a0<\/p>\t\t\t\t\t\t<\/div>\n\t\t\t\t<\/div>\n\t\t\t\t<div class=\"elementor-element elementor-element-daba28e elementor-align-center elementor-widget elementor-widget-button\" data-id=\"daba28e\" data-element_type=\"widget\" data-widget_type=\"button.default\">\n\t\t\t\t<div class=\"elementor-widget-container\">\n\t\t\t\t\t\t\t<div class=\"elementor-button-wrapper\">\n\t\t\t\t\t<a class=\"elementor-button elementor-button-link elementor-size-sm\" href=\"https:\/\/www.afiformations.com\/fr\/contact\/\">\n\t\t\t\t\t\t<span class=\"elementor-button-content-wrapper\">\n\t\t\t\t\t\t\t\t\t<span class=\"elementor-button-text\">Contactez-nous<\/span>\n\t\t\t\t\t<\/span>\n\t\t\t\t\t<\/a>\n\t\t\t\t<\/div>\n\t\t\t\t\t\t<\/div>\n\t\t\t\t<\/div>\n\t\t\t\t\t<\/div>\n\t\t<\/div>\n\t\t\t\t<div class=\"elementor-column elementor-col-50 elementor-inner-column elementor-element elementor-element-fded987\" data-id=\"fded987\" data-element_type=\"column\" data-settings=\"{&quot;background_background&quot;:&quot;classic&quot;}\">\n\t\t\t<div class=\"elementor-widget-wrap elementor-element-populated\">\n\t\t\t\t\t\t<div class=\"elementor-element elementor-element-8beb783 elementor-widget elementor-widget-image\" data-id=\"8beb783\" data-element_type=\"widget\" data-widget_type=\"image.default\">\n\t\t\t\t<div class=\"elementor-widget-container\">\n\t\t\t\t\t\t\t\t\t\t\t\t\t<img fetchpriority=\"high\" decoding=\"async\" width=\"1024\" height=\"768\" src=\"https:\/\/www.afiformations.com\/wp-content\/uploads\/2020\/04\/formation-elingage-afi-luxembourg-1024x768.jpg\" class=\"attachment-large size-large wp-image-618\" alt=\"Formation elingage charges Luxembourg - Afi Formations\" srcset=\"https:\/\/www.afiformations.com\/wp-content\/uploads\/2020\/04\/formation-elingage-afi-luxembourg-1024x768.jpg 1024w, https:\/\/www.afiformations.com\/wp-content\/uploads\/2020\/04\/formation-elingage-afi-luxembourg-300x225.jpg 300w, https:\/\/www.afiformations.com\/wp-content\/uploads\/2020\/04\/formation-elingage-afi-luxembourg-768x576.jpg 768w, https:\/\/www.afiformations.com\/wp-content\/uploads\/2020\/04\/formation-elingage-afi-luxembourg.jpg 1200w\" sizes=\"(max-width: 1024px) 100vw, 1024px\" \/>\t\t\t\t\t\t\t\t\t\t\t\t\t<\/div>\n\t\t\t\t<\/div>\n\t\t\t\t\t<\/div>\n\t\t<\/div>\n\t\t\t\t\t<\/div>\n\t\t<\/section>\n\t\t\t\t\t<\/div>\n\t\t<\/div>\n\t\t\t\t\t<\/div>\n\t\t<\/section>\n\t\t\t\t<\/div>\n\t\t","protected":false},"excerpt":{"rendered":"<p>Formation \u00e9lingage de charges Luxembourg \/ France Elingage de charges AFI Formations propose des formations d&rsquo;\u00e9lingage de charges pour le Luxembourg et la France. Vous apprendrez \u00e0 maitriser les techniques d&rsquo;\u00e9lingage de charges, avec un \u00e9quipement de levage dans le respect des normes de s\u00e9curit\u00e9.\u00a0 N&rsquo;h\u00e9sitez pas \u00e0 nous contacter pour conna\u00eetre nos conditions de [&hellip;]<\/p>\n","protected":false},"author":1,"featured_media":0,"parent":0,"menu_order":0,"comment_status":"closed","ping_status":"closed","template":"elementor_header_footer","meta":{"site-sidebar-layout":"default","site-content-layout":"","ast-site-content-layout":"","site-content-style":"default","site-sidebar-style":"default","ast-global-header-display":"","ast-banner-title-visibility":"","ast-main-header-display":"","ast-hfb-above-header-display":"","ast-hfb-below-header-display":"","ast-hfb-mobile-header-display":"","site-post-title":"","ast-breadcrumbs-content":"","ast-featured-img":"","footer-sml-layout":"","theme-transparent-header-meta":"","adv-header-id-meta":"","stick-header-meta":"","header-above-stick-meta":"","header-main-stick-meta":"","header-below-stick-meta":"","astra-migrate-meta-layouts":"default","ast-page-background-enabled":"default","ast-page-background-meta":{"desktop":{"background-color":"var(--ast-global-color-4)","background-image":"","background-repeat":"repeat","background-position":"center center","background-size":"auto","background-attachment":"scroll","background-type":"","background-media":"","overlay-type":"","overlay-color":"","overlay-opacity":"","overlay-gradient":""},"tablet":{"background-color":"","background-image":"","background-repeat":"repeat","background-position":"center center","background-size":"auto","background-attachment":"scroll","background-type":"","background-media":"","overlay-type":"","overlay-color":"","overlay-opacity":"","overlay-gradient":""},"mobile":{"background-color":"","background-image":"","background-repeat":"repeat","background-position":"center center","background-size":"auto","background-attachment":"scroll","background-type":"","background-media":"","overlay-type":"","overlay-color":"","overlay-opacity":"","overlay-gradient":""}},"ast-content-background-meta":{"desktop":{"background-color":"var(--ast-global-color-5)","background-image":"","background-repeat":"repeat","background-position":"center center","background-size":"auto","background-attachment":"scroll","background-type":"","background-media":"","overlay-type":"","overlay-color":"","overlay-opacity":"","overlay-gradient":""},"tablet":{"background-color":"var(--ast-global-color-5)","background-image":"","background-repeat":"repeat","background-position":"center center","background-size":"auto","background-attachment":"scroll","background-type":"","background-media":"","overlay-type":"","overlay-color":"","overlay-opacity":"","overlay-gradient":""},"mobile":{"background-color":"var(--ast-global-color-5)","background-image":"","background-repeat":"repeat","background-position":"center center","background-size":"auto","background-attachment":"scroll","background-type":"","background-media":"","overlay-type":"","overlay-color":"","overlay-opacity":"","overlay-gradient":""}},"footnotes":""},"class_list":["post-610","page","type-page","status-publish","hentry"],"yoast_head":"<!-- This site is optimized with the Yoast SEO plugin v24.5 - https:\/\/yoast.com\/wordpress\/plugins\/seo\/ -->\n<title>Elingage de charges - AFI Formations<\/title>\n<meta name=\"robots\" content=\"index, follow, max-snippet:-1, max-image-preview:large, max-video-preview:-1\" \/>\n<link rel=\"canonical\" href=\"https:\/\/www.afiformations.com\/fr\/elingage-de-charges\/\" \/>\n<meta property=\"og:locale\" content=\"fr_FR\" \/>\n<meta property=\"og:type\" content=\"article\" \/>\n<meta property=\"og:title\" content=\"Elingage de charges - AFI Formations\" \/>\n<meta property=\"og:description\" content=\"Formation \u00e9lingage de charges Luxembourg \/ France Elingage de charges AFI Formations propose des formations d&rsquo;\u00e9lingage de charges pour le Luxembourg et la France. Vous apprendrez \u00e0 maitriser les techniques d&rsquo;\u00e9lingage de charges, avec un \u00e9quipement de levage dans le respect des normes de s\u00e9curit\u00e9.\u00a0 N&rsquo;h\u00e9sitez pas \u00e0 nous contacter pour conna\u00eetre nos conditions de [&hellip;]\" \/>\n<meta property=\"og:url\" content=\"https:\/\/www.afiformations.com\/fr\/elingage-de-charges\/\" \/>\n<meta property=\"og:site_name\" content=\"AFI Formations\" \/>\n<meta property=\"article:modified_time\" content=\"2020-04-23T15:17:46+00:00\" \/>\n<meta property=\"og:image\" content=\"https:\/\/www.afiformations.com\/wp-content\/uploads\/2020\/04\/formation-elingage-afi-luxembourg-1024x768.jpg\" \/>\n<meta name=\"twitter:card\" content=\"summary_large_image\" \/>\n<script type=\"application\/ld+json\" class=\"yoast-schema-graph\">{\"@context\":\"https:\/\/schema.org\",\"@graph\":[{\"@type\":\"WebPage\",\"@id\":\"https:\/\/www.afiformations.com\/fr\/elingage-de-charges\/\",\"url\":\"https:\/\/www.afiformations.com\/fr\/elingage-de-charges\/\",\"name\":\"Elingage de charges - AFI Formations\",\"isPartOf\":{\"@id\":\"https:\/\/www.afiformations.com\/fr\/#website\"},\"primaryImageOfPage\":{\"@id\":\"https:\/\/www.afiformations.com\/fr\/elingage-de-charges\/#primaryimage\"},\"image\":{\"@id\":\"https:\/\/www.afiformations.com\/fr\/elingage-de-charges\/#primaryimage\"},\"thumbnailUrl\":\"https:\/\/www.afiformations.com\/wp-content\/uploads\/2020\/04\/formation-elingage-afi-luxembourg-1024x768.jpg\",\"datePublished\":\"2020-04-23T08:58:55+00:00\",\"dateModified\":\"2020-04-23T15:17:46+00:00\",\"breadcrumb\":{\"@id\":\"https:\/\/www.afiformations.com\/fr\/elingage-de-charges\/#breadcrumb\"},\"inLanguage\":\"fr-FR\",\"potentialAction\":[{\"@type\":\"ReadAction\",\"target\":[\"https:\/\/www.afiformations.com\/fr\/elingage-de-charges\/\"]}]},{\"@type\":\"ImageObject\",\"inLanguage\":\"fr-FR\",\"@id\":\"https:\/\/www.afiformations.com\/fr\/elingage-de-charges\/#primaryimage\",\"url\":\"https:\/\/www.afiformations.com\/wp-content\/uploads\/2020\/04\/formation-elingage-afi-luxembourg-1024x768.jpg\",\"contentUrl\":\"https:\/\/www.afiformations.com\/wp-content\/uploads\/2020\/04\/formation-elingage-afi-luxembourg-1024x768.jpg\"},{\"@type\":\"BreadcrumbList\",\"@id\":\"https:\/\/www.afiformations.com\/fr\/elingage-de-charges\/#breadcrumb\",\"itemListElement\":[{\"@type\":\"ListItem\",\"position\":1,\"name\":\"Home\",\"item\":\"https:\/\/www.afiformations.com\/fr\/\"},{\"@type\":\"ListItem\",\"position\":2,\"name\":\"Elingage de charges\"}]},{\"@type\":\"WebSite\",\"@id\":\"https:\/\/www.afiformations.com\/fr\/#website\",\"url\":\"https:\/\/www.afiformations.com\/fr\/\",\"name\":\"AFI Formations\",\"description\":\"Centre de formations Luxembourg\",\"potentialAction\":[{\"@type\":\"SearchAction\",\"target\":{\"@type\":\"EntryPoint\",\"urlTemplate\":\"https:\/\/www.afiformations.com\/fr\/?s={search_term_string}\"},\"query-input\":{\"@type\":\"PropertyValueSpecification\",\"valueRequired\":true,\"valueName\":\"search_term_string\"}}],\"inLanguage\":\"fr-FR\"}]}<\/script>\n<!-- \/ Yoast SEO plugin. -->","yoast_head_json":{"title":"Elingage de charges - AFI Formations","robots":{"index":"index","follow":"follow","max-snippet":"max-snippet:-1","max-image-preview":"max-image-preview:large","max-video-preview":"max-video-preview:-1"},"canonical":"https:\/\/www.afiformations.com\/fr\/elingage-de-charges\/","og_locale":"fr_FR","og_type":"article","og_title":"Elingage de charges - AFI Formations","og_description":"Formation \u00e9lingage de charges Luxembourg \/ France Elingage de charges AFI Formations propose des formations d&rsquo;\u00e9lingage de charges pour le Luxembourg et la France. Vous apprendrez \u00e0 maitriser les techniques d&rsquo;\u00e9lingage de charges, avec un \u00e9quipement de levage dans le respect des normes de s\u00e9curit\u00e9.\u00a0 N&rsquo;h\u00e9sitez pas \u00e0 nous contacter pour conna\u00eetre nos conditions de [&hellip;]","og_url":"https:\/\/www.afiformations.com\/fr\/elingage-de-charges\/","og_site_name":"AFI Formations","article_modified_time":"2020-04-23T15:17:46+00:00","og_image":[{"url":"https:\/\/www.afiformations.com\/wp-content\/uploads\/2020\/04\/formation-elingage-afi-luxembourg-1024x768.jpg","type":"","width":"","height":""}],"twitter_card":"summary_large_image","schema":{"@context":"https:\/\/schema.org","@graph":[{"@type":"WebPage","@id":"https:\/\/www.afiformations.com\/fr\/elingage-de-charges\/","url":"https:\/\/www.afiformations.com\/fr\/elingage-de-charges\/","name":"Elingage de charges - AFI Formations","isPartOf":{"@id":"https:\/\/www.afiformations.com\/fr\/#website"},"primaryImageOfPage":{"@id":"https:\/\/www.afiformations.com\/fr\/elingage-de-charges\/#primaryimage"},"image":{"@id":"https:\/\/www.afiformations.com\/fr\/elingage-de-charges\/#primaryimage"},"thumbnailUrl":"https:\/\/www.afiformations.com\/wp-content\/uploads\/2020\/04\/formation-elingage-afi-luxembourg-1024x768.jpg","datePublished":"2020-04-23T08:58:55+00:00","dateModified":"2020-04-23T15:17:46+00:00","breadcrumb":{"@id":"https:\/\/www.afiformations.com\/fr\/elingage-de-charges\/#breadcrumb"},"inLanguage":"fr-FR","potentialAction":[{"@type":"ReadAction","target":["https:\/\/www.afiformations.com\/fr\/elingage-de-charges\/"]}]},{"@type":"ImageObject","inLanguage":"fr-FR","@id":"https:\/\/www.afiformations.com\/fr\/elingage-de-charges\/#primaryimage","url":"https:\/\/www.afiformations.com\/wp-content\/uploads\/2020\/04\/formation-elingage-afi-luxembourg-1024x768.jpg","contentUrl":"https:\/\/www.afiformations.com\/wp-content\/uploads\/2020\/04\/formation-elingage-afi-luxembourg-1024x768.jpg"},{"@type":"BreadcrumbList","@id":"https:\/\/www.afiformations.com\/fr\/elingage-de-charges\/#breadcrumb","itemListElement":[{"@type":"ListItem","position":1,"name":"Home","item":"https:\/\/www.afiformations.com\/fr\/"},{"@type":"ListItem","position":2,"name":"Elingage de charges"}]},{"@type":"WebSite","@id":"https:\/\/www.afiformations.com\/fr\/#website","url":"https:\/\/www.afiformations.com\/fr\/","name":"AFI Formations","description":"Centre de formations Luxembourg","potentialAction":[{"@type":"SearchAction","target":{"@type":"EntryPoint","urlTemplate":"https:\/\/www.afiformations.com\/fr\/?s={search_term_string}"},"query-input":{"@type":"PropertyValueSpecification","valueRequired":true,"valueName":"search_term_string"}}],"inLanguage":"fr-FR"}]}},"_links":{"self":[{"href":"https:\/\/www.afiformations.com\/fr\/wp-json\/wp\/v2\/pages\/610"}],"collection":[{"href":"https:\/\/www.afiformations.com\/fr\/wp-json\/wp\/v2\/pages"}],"about":[{"href":"https:\/\/www.afiformations.com\/fr\/wp-json\/wp\/v2\/types\/page"}],"author":[{"embeddable":true,"href":"https:\/\/www.afiformations.com\/fr\/wp-json\/wp\/v2\/users\/1"}],"replies":[{"embeddable":true,"href":"https:\/\/www.afiformations.com\/fr\/wp-json\/wp\/v2\/comments?post=610"}],"version-history":[{"count":9,"href":"https:\/\/www.afiformations.com\/fr\/wp-json\/wp\/v2\/pages\/610\/revisions"}],"predecessor-version":[{"id":846,"href":"https:\/\/www.afiformations.com\/fr\/wp-json\/wp\/v2\/pages\/610\/revisions\/846"}],"wp:attachment":[{"href":"https:\/\/www.afiformations.com\/fr\/wp-json\/wp\/v2\/media?parent=610"}],"curies":[{"name":"wp","href":"https:\/\/api.w.org\/{rel}","templated":true}]}}