{"id":920,"date":"2020-04-29T09:05:01","date_gmt":"2020-04-29T09:05:01","guid":{"rendered":"https:\/\/www.afiformations.com\/richtiges-heben-und-tragen\/"},"modified":"2020-04-29T11:49:44","modified_gmt":"2020-04-29T11:49:44","slug":"richtiges-heben-und-tragen","status":"publish","type":"page","link":"https:\/\/www.afiformations.com\/de\/richtiges-heben-und-tragen\/","title":{"rendered":"Richtiges Heben und Tragen"},"content":{"rendered":"\t\t<div data-elementor-type=\"wp-page\" data-elementor-id=\"920\" class=\"elementor elementor-920 elementor-658\" data-elementor-post-type=\"page\">\n\t\t\t\t\t\t<section class=\"elementor-section elementor-top-section elementor-element elementor-element-7dad18a elementor-section-height-min-height elementor-section-items-top elementor-section-boxed elementor-section-height-default\" data-id=\"7dad18a\" data-element_type=\"section\" data-settings=\"{&quot;background_background&quot;:&quot;classic&quot;}\">\n\t\t\t\t\t\t\t<div class=\"elementor-background-overlay\"><\/div>\n\t\t\t\t\t\t\t<div class=\"elementor-container elementor-column-gap-default\">\n\t\t\t\t\t<div class=\"elementor-column elementor-col-100 elementor-top-column elementor-element elementor-element-2fc484d\" data-id=\"2fc484d\" data-element_type=\"column\" data-settings=\"{&quot;background_background&quot;:&quot;classic&quot;}\">\n\t\t\t<div class=\"elementor-widget-wrap elementor-element-populated\">\n\t\t\t\t\t\t<div class=\"elementor-element elementor-element-73fa2a2 elementor-widget elementor-widget-heading\" data-id=\"73fa2a2\" data-element_type=\"widget\" data-widget_type=\"heading.default\">\n\t\t\t\t<div class=\"elementor-widget-container\">\n\t\t\t<h1 class=\"elementor-heading-title elementor-size-default\">Schulung zum richtigen Tragen und Heben Luxemburg \/ Frankreich<\/h1>\t\t<\/div>\n\t\t\t\t<\/div>\n\t\t\t\t\t<\/div>\n\t\t<\/div>\n\t\t\t\t\t<\/div>\n\t\t<\/section>\n\t\t\t\t<section class=\"elementor-section elementor-top-section elementor-element elementor-element-295b8af elementor-section-boxed elementor-section-height-default elementor-section-height-default\" data-id=\"295b8af\" data-element_type=\"section\">\n\t\t\t\t\t\t<div class=\"elementor-container elementor-column-gap-default\">\n\t\t\t\t\t<div class=\"elementor-column elementor-col-100 elementor-top-column elementor-element elementor-element-4476280\" data-id=\"4476280\" data-element_type=\"column\" data-settings=\"{&quot;background_background&quot;:&quot;classic&quot;}\">\n\t\t\t<div class=\"elementor-widget-wrap elementor-element-populated\">\n\t\t\t\t\t\t<div class=\"elementor-element elementor-element-9517113 elementor-widget elementor-widget-heading\" data-id=\"9517113\" data-element_type=\"widget\" data-widget_type=\"heading.default\">\n\t\t\t\t<div class=\"elementor-widget-container\">\n\t\t\t<h2 class=\"elementor-heading-title elementor-size-default\">Richtiges Heben und Tragen<\/h2>\t\t<\/div>\n\t\t\t\t<\/div>\n\t\t\t\t<section class=\"elementor-section elementor-inner-section elementor-element elementor-element-52e75ed elementor-section-boxed elementor-section-height-default elementor-section-height-default\" data-id=\"52e75ed\" data-element_type=\"section\">\n\t\t\t\t\t\t<div class=\"elementor-container elementor-column-gap-default\">\n\t\t\t\t\t<div class=\"elementor-column elementor-col-50 elementor-inner-column elementor-element elementor-element-5606a67\" data-id=\"5606a67\" data-element_type=\"column\">\n\t\t\t<div class=\"elementor-widget-wrap elementor-element-populated\">\n\t\t\t\t\t\t<div class=\"elementor-element elementor-element-8e1fe43 elementor-widget elementor-widget-text-editor\" data-id=\"8e1fe43\" data-element_type=\"widget\" data-widget_type=\"text-editor.default\">\n\t\t\t\t<div class=\"elementor-widget-container\">\n\t\t\t\t\t\t\t<p>AFI Formations bietet eine Schulung zum richtigen Tragen und Heben sowohl f\u00fcr Luxemburg als auch f\u00fcr Frankreich an.<\/p>\n<p>Mit dieser Schulung k\u00f6nnen Sie den Ort der k\u00f6rperlichen Aktivit\u00e4t in Arbeitssituationen identifizieren.<\/p>\n<p>Au\u00dferdem lernen Sie, die mit k\u00f6rperlicher Aktivit\u00e4t verbundenen Risiken zu erkennen.<\/p>\n<p>Die mit der manuellen Handhabung und dem Transport von Lasten verbundenen Risiken werden ebenfalls anhand der anatomischen und physiologischen Kenntnisse des menschlichen K\u00f6rpers erl\u00e4utert.<\/p>\n<p>Es werden Szenarien vorgeschlagen, um die Schulung zum richtigem Tragen und Heben besser zu verstehen.<\/p>\n<p>Z\u00f6gern Sie nicht, uns f\u00fcr weitere Informationen zu kontaktieren.<\/p>\n\t\t\t\t\t\t<\/div>\n\t\t\t\t<\/div>\n\t\t\t\t<div class=\"elementor-element elementor-element-f42616e elementor-align-center elementor-widget elementor-widget-button\" data-id=\"f42616e\" data-element_type=\"widget\" data-widget_type=\"button.default\">\n\t\t\t\t<div class=\"elementor-widget-container\">\n\t\t\t\t\t\t\t<div class=\"elementor-button-wrapper\">\n\t\t\t\t\t<a class=\"elementor-button elementor-button-link elementor-size-sm\" href=\"https:\/\/www.afiformations.com\/de\/kontakt\/\">\n\t\t\t\t\t\t<span class=\"elementor-button-content-wrapper\">\n\t\t\t\t\t\t\t\t\t<span class=\"elementor-button-text\">Kontakt<\/span>\n\t\t\t\t\t<\/span>\n\t\t\t\t\t<\/a>\n\t\t\t\t<\/div>\n\t\t\t\t\t\t<\/div>\n\t\t\t\t<\/div>\n\t\t\t\t\t<\/div>\n\t\t<\/div>\n\t\t\t\t<div class=\"elementor-column elementor-col-50 elementor-inner-column elementor-element elementor-element-30c4435\" data-id=\"30c4435\" data-element_type=\"column\" data-settings=\"{&quot;background_background&quot;:&quot;classic&quot;}\">\n\t\t\t<div class=\"elementor-widget-wrap elementor-element-populated\">\n\t\t\t\t\t\t<div class=\"elementor-element elementor-element-d3c9dc0 elementor-widget elementor-widget-image\" data-id=\"d3c9dc0\" data-element_type=\"widget\" data-widget_type=\"image.default\">\n\t\t\t\t<div class=\"elementor-widget-container\">\n\t\t\t\t\t\t\t\t\t\t\t\t\t<img fetchpriority=\"high\" decoding=\"async\" width=\"1200\" height=\"1600\" src=\"https:\/\/www.afiformations.com\/wp-content\/uploads\/2020\/04\/formation-gestes-postures-luxembourg.jpg\" class=\"attachment-full size-full wp-image-664\" alt=\"\" srcset=\"https:\/\/www.afiformations.com\/wp-content\/uploads\/2020\/04\/formation-gestes-postures-luxembourg.jpg 1200w, https:\/\/www.afiformations.com\/wp-content\/uploads\/2020\/04\/formation-gestes-postures-luxembourg-225x300.jpg 225w, https:\/\/www.afiformations.com\/wp-content\/uploads\/2020\/04\/formation-gestes-postures-luxembourg-768x1024.jpg 768w, https:\/\/www.afiformations.com\/wp-content\/uploads\/2020\/04\/formation-gestes-postures-luxembourg-1152x1536.jpg 1152w\" sizes=\"(max-width: 1200px) 100vw, 1200px\" \/>\t\t\t\t\t\t\t\t\t\t\t\t\t<\/div>\n\t\t\t\t<\/div>\n\t\t\t\t\t<\/div>\n\t\t<\/div>\n\t\t\t\t\t<\/div>\n\t\t<\/section>\n\t\t\t\t\t<\/div>\n\t\t<\/div>\n\t\t\t\t\t<\/div>\n\t\t<\/section>\n\t\t\t\t<\/div>\n\t\t","protected":false},"excerpt":{"rendered":"<p>Schulung zum richtigen Tragen und Heben Luxemburg \/ Frankreich Richtiges Heben und Tragen AFI Formations bietet eine Schulung zum richtigen Tragen und Heben sowohl f\u00fcr Luxemburg als auch f\u00fcr Frankreich an. Mit dieser Schulung k\u00f6nnen Sie den Ort der k\u00f6rperlichen Aktivit\u00e4t in Arbeitssituationen identifizieren. Au\u00dferdem lernen Sie, die mit k\u00f6rperlicher Aktivit\u00e4t verbundenen Risiken zu erkennen. [&hellip;]<\/p>\n","protected":false},"author":1,"featured_media":0,"parent":0,"menu_order":0,"comment_status":"closed","ping_status":"closed","template":"elementor_header_footer","meta":{"site-sidebar-layout":"default","site-content-layout":"","ast-site-content-layout":"","site-content-style":"default","site-sidebar-style":"default","ast-global-header-display":"","ast-banner-title-visibility":"","ast-main-header-display":"","ast-hfb-above-header-display":"","ast-hfb-below-header-display":"","ast-hfb-mobile-header-display":"","site-post-title":"","ast-breadcrumbs-content":"","ast-featured-img":"","footer-sml-layout":"","theme-transparent-header-meta":"","adv-header-id-meta":"","stick-header-meta":"","header-above-stick-meta":"","header-main-stick-meta":"","header-below-stick-meta":"","astra-migrate-meta-layouts":"default","ast-page-background-enabled":"default","ast-page-background-meta":{"desktop":{"background-color":"var(--ast-global-color-4)","background-image":"","background-repeat":"repeat","background-position":"center center","background-size":"auto","background-attachment":"scroll","background-type":"","background-media":"","overlay-type":"","overlay-color":"","overlay-opacity":"","overlay-gradient":""},"tablet":{"background-color":"","background-image":"","background-repeat":"repeat","background-position":"center center","background-size":"auto","background-attachment":"scroll","background-type":"","background-media":"","overlay-type":"","overlay-color":"","overlay-opacity":"","overlay-gradient":""},"mobile":{"background-color":"","background-image":"","background-repeat":"repeat","background-position":"center center","background-size":"auto","background-attachment":"scroll","background-type":"","background-media":"","overlay-type":"","overlay-color":"","overlay-opacity":"","overlay-gradient":""}},"ast-content-background-meta":{"desktop":{"background-color":"var(--ast-global-color-5)","background-image":"","background-repeat":"repeat","background-position":"center center","background-size":"auto","background-attachment":"scroll","background-type":"","background-media":"","overlay-type":"","overlay-color":"","overlay-opacity":"","overlay-gradient":""},"tablet":{"background-color":"var(--ast-global-color-5)","background-image":"","background-repeat":"repeat","background-position":"center center","background-size":"auto","background-attachment":"scroll","background-type":"","background-media":"","overlay-type":"","overlay-color":"","overlay-opacity":"","overlay-gradient":""},"mobile":{"background-color":"var(--ast-global-color-5)","background-image":"","background-repeat":"repeat","background-position":"center center","background-size":"auto","background-attachment":"scroll","background-type":"","background-media":"","overlay-type":"","overlay-color":"","overlay-opacity":"","overlay-gradient":""}},"footnotes":""},"class_list":["post-920","page","type-page","status-publish","hentry"],"yoast_head":"<!-- This site is optimized with the Yoast SEO plugin v24.5 - https:\/\/yoast.com\/wordpress\/plugins\/seo\/ -->\n<title>Richtiges Heben und Tragen - AFI Formations<\/title>\n<meta name=\"robots\" content=\"index, follow, max-snippet:-1, max-image-preview:large, max-video-preview:-1\" \/>\n<link rel=\"canonical\" href=\"https:\/\/www.afiformations.com\/de\/richtiges-heben-und-tragen\/\" \/>\n<meta property=\"og:locale\" content=\"de_DE\" \/>\n<meta property=\"og:type\" content=\"article\" \/>\n<meta property=\"og:title\" content=\"Richtiges Heben und Tragen - AFI Formations\" \/>\n<meta property=\"og:description\" content=\"Schulung zum richtigen Tragen und Heben Luxemburg \/ Frankreich Richtiges Heben und Tragen AFI Formations bietet eine Schulung zum richtigen Tragen und Heben sowohl f\u00fcr Luxemburg als auch f\u00fcr Frankreich an. Mit dieser Schulung k\u00f6nnen Sie den Ort der k\u00f6rperlichen Aktivit\u00e4t in Arbeitssituationen identifizieren. Au\u00dferdem lernen Sie, die mit k\u00f6rperlicher Aktivit\u00e4t verbundenen Risiken zu erkennen. [&hellip;]\" \/>\n<meta property=\"og:url\" content=\"https:\/\/www.afiformations.com\/de\/richtiges-heben-und-tragen\/\" \/>\n<meta property=\"og:site_name\" content=\"AFI Formations\" \/>\n<meta property=\"article:modified_time\" content=\"2020-04-29T11:49:44+00:00\" \/>\n<meta property=\"og:image\" content=\"https:\/\/www.afiformations.com\/wp-content\/uploads\/2020\/04\/formation-gestes-postures-luxembourg.jpg\" \/>\n<meta name=\"twitter:card\" content=\"summary_large_image\" \/>\n<meta name=\"twitter:label1\" content=\"Gesch\u00e4tzte Lesezeit\" \/>\n\t<meta name=\"twitter:data1\" content=\"1\u00a0Minute\" \/>\n<script type=\"application\/ld+json\" class=\"yoast-schema-graph\">{\"@context\":\"https:\/\/schema.org\",\"@graph\":[{\"@type\":\"WebPage\",\"@id\":\"https:\/\/www.afiformations.com\/de\/richtiges-heben-und-tragen\/\",\"url\":\"https:\/\/www.afiformations.com\/de\/richtiges-heben-und-tragen\/\",\"name\":\"Richtiges Heben und Tragen - AFI Formations\",\"isPartOf\":{\"@id\":\"https:\/\/www.afiformations.com\/de\/#website\"},\"primaryImageOfPage\":{\"@id\":\"https:\/\/www.afiformations.com\/de\/richtiges-heben-und-tragen\/#primaryimage\"},\"image\":{\"@id\":\"https:\/\/www.afiformations.com\/de\/richtiges-heben-und-tragen\/#primaryimage\"},\"thumbnailUrl\":\"https:\/\/www.afiformations.com\/wp-content\/uploads\/2020\/04\/formation-gestes-postures-luxembourg.jpg\",\"datePublished\":\"2020-04-29T09:05:01+00:00\",\"dateModified\":\"2020-04-29T11:49:44+00:00\",\"breadcrumb\":{\"@id\":\"https:\/\/www.afiformations.com\/de\/richtiges-heben-und-tragen\/#breadcrumb\"},\"inLanguage\":\"de\",\"potentialAction\":[{\"@type\":\"ReadAction\",\"target\":[\"https:\/\/www.afiformations.com\/de\/richtiges-heben-und-tragen\/\"]}]},{\"@type\":\"ImageObject\",\"inLanguage\":\"de\",\"@id\":\"https:\/\/www.afiformations.com\/de\/richtiges-heben-und-tragen\/#primaryimage\",\"url\":\"https:\/\/www.afiformations.com\/wp-content\/uploads\/2020\/04\/formation-gestes-postures-luxembourg.jpg\",\"contentUrl\":\"https:\/\/www.afiformations.com\/wp-content\/uploads\/2020\/04\/formation-gestes-postures-luxembourg.jpg\"},{\"@type\":\"BreadcrumbList\",\"@id\":\"https:\/\/www.afiformations.com\/de\/richtiges-heben-und-tragen\/#breadcrumb\",\"itemListElement\":[{\"@type\":\"ListItem\",\"position\":1,\"name\":\"Home\",\"item\":\"https:\/\/www.afiformations.com\/de\/\"},{\"@type\":\"ListItem\",\"position\":2,\"name\":\"Richtiges Heben und Tragen\"}]},{\"@type\":\"WebSite\",\"@id\":\"https:\/\/www.afiformations.com\/de\/#website\",\"url\":\"https:\/\/www.afiformations.com\/de\/\",\"name\":\"AFI Formations\",\"description\":\"Centre de formations Luxembourg\",\"potentialAction\":[{\"@type\":\"SearchAction\",\"target\":{\"@type\":\"EntryPoint\",\"urlTemplate\":\"https:\/\/www.afiformations.com\/de\/?s={search_term_string}\"},\"query-input\":{\"@type\":\"PropertyValueSpecification\",\"valueRequired\":true,\"valueName\":\"search_term_string\"}}],\"inLanguage\":\"de\"}]}<\/script>\n<!-- \/ Yoast SEO plugin. -->","yoast_head_json":{"title":"Richtiges Heben und Tragen - AFI Formations","robots":{"index":"index","follow":"follow","max-snippet":"max-snippet:-1","max-image-preview":"max-image-preview:large","max-video-preview":"max-video-preview:-1"},"canonical":"https:\/\/www.afiformations.com\/de\/richtiges-heben-und-tragen\/","og_locale":"de_DE","og_type":"article","og_title":"Richtiges Heben und Tragen - AFI Formations","og_description":"Schulung zum richtigen Tragen und Heben Luxemburg \/ Frankreich Richtiges Heben und Tragen AFI Formations bietet eine Schulung zum richtigen Tragen und Heben sowohl f\u00fcr Luxemburg als auch f\u00fcr Frankreich an. Mit dieser Schulung k\u00f6nnen Sie den Ort der k\u00f6rperlichen Aktivit\u00e4t in Arbeitssituationen identifizieren. Au\u00dferdem lernen Sie, die mit k\u00f6rperlicher Aktivit\u00e4t verbundenen Risiken zu erkennen. [&hellip;]","og_url":"https:\/\/www.afiformations.com\/de\/richtiges-heben-und-tragen\/","og_site_name":"AFI Formations","article_modified_time":"2020-04-29T11:49:44+00:00","og_image":[{"url":"https:\/\/www.afiformations.com\/wp-content\/uploads\/2020\/04\/formation-gestes-postures-luxembourg.jpg","type":"","width":"","height":""}],"twitter_card":"summary_large_image","twitter_misc":{"Gesch\u00e4tzte Lesezeit":"1\u00a0Minute"},"schema":{"@context":"https:\/\/schema.org","@graph":[{"@type":"WebPage","@id":"https:\/\/www.afiformations.com\/de\/richtiges-heben-und-tragen\/","url":"https:\/\/www.afiformations.com\/de\/richtiges-heben-und-tragen\/","name":"Richtiges Heben und Tragen - AFI Formations","isPartOf":{"@id":"https:\/\/www.afiformations.com\/de\/#website"},"primaryImageOfPage":{"@id":"https:\/\/www.afiformations.com\/de\/richtiges-heben-und-tragen\/#primaryimage"},"image":{"@id":"https:\/\/www.afiformations.com\/de\/richtiges-heben-und-tragen\/#primaryimage"},"thumbnailUrl":"https:\/\/www.afiformations.com\/wp-content\/uploads\/2020\/04\/formation-gestes-postures-luxembourg.jpg","datePublished":"2020-04-29T09:05:01+00:00","dateModified":"2020-04-29T11:49:44+00:00","breadcrumb":{"@id":"https:\/\/www.afiformations.com\/de\/richtiges-heben-und-tragen\/#breadcrumb"},"inLanguage":"de","potentialAction":[{"@type":"ReadAction","target":["https:\/\/www.afiformations.com\/de\/richtiges-heben-und-tragen\/"]}]},{"@type":"ImageObject","inLanguage":"de","@id":"https:\/\/www.afiformations.com\/de\/richtiges-heben-und-tragen\/#primaryimage","url":"https:\/\/www.afiformations.com\/wp-content\/uploads\/2020\/04\/formation-gestes-postures-luxembourg.jpg","contentUrl":"https:\/\/www.afiformations.com\/wp-content\/uploads\/2020\/04\/formation-gestes-postures-luxembourg.jpg"},{"@type":"BreadcrumbList","@id":"https:\/\/www.afiformations.com\/de\/richtiges-heben-und-tragen\/#breadcrumb","itemListElement":[{"@type":"ListItem","position":1,"name":"Home","item":"https:\/\/www.afiformations.com\/de\/"},{"@type":"ListItem","position":2,"name":"Richtiges Heben und Tragen"}]},{"@type":"WebSite","@id":"https:\/\/www.afiformations.com\/de\/#website","url":"https:\/\/www.afiformations.com\/de\/","name":"AFI Formations","description":"Centre de formations Luxembourg","potentialAction":[{"@type":"SearchAction","target":{"@type":"EntryPoint","urlTemplate":"https:\/\/www.afiformations.com\/de\/?s={search_term_string}"},"query-input":{"@type":"PropertyValueSpecification","valueRequired":true,"valueName":"search_term_string"}}],"inLanguage":"de"}]}},"_links":{"self":[{"href":"https:\/\/www.afiformations.com\/de\/wp-json\/wp\/v2\/pages\/920"}],"collection":[{"href":"https:\/\/www.afiformations.com\/de\/wp-json\/wp\/v2\/pages"}],"about":[{"href":"https:\/\/www.afiformations.com\/de\/wp-json\/wp\/v2\/types\/page"}],"author":[{"embeddable":true,"href":"https:\/\/www.afiformations.com\/de\/wp-json\/wp\/v2\/users\/1"}],"replies":[{"embeddable":true,"href":"https:\/\/www.afiformations.com\/de\/wp-json\/wp\/v2\/comments?post=920"}],"version-history":[{"count":4,"href":"https:\/\/www.afiformations.com\/de\/wp-json\/wp\/v2\/pages\/920\/revisions"}],"predecessor-version":[{"id":924,"href":"https:\/\/www.afiformations.com\/de\/wp-json\/wp\/v2\/pages\/920\/revisions\/924"}],"wp:attachment":[{"href":"https:\/\/www.afiformations.com\/de\/wp-json\/wp\/v2\/media?parent=920"}],"curies":[{"name":"wp","href":"https:\/\/api.w.org\/{rel}","templated":true}]}}